{"id":243,"date":"2022-09-06T10:32:39","date_gmt":"2022-09-05T23:32:39","guid":{"rendered":"https:\/\/pacte-grand-sud.nc\/fondation-prony-resources\/?page_id=243"},"modified":"2025-01-29T16:58:36","modified_gmt":"2025-01-29T05:58:36","slug":"mieux-connaitre-la-fondation-xere-prony-resources","status":"publish","type":"page","link":"https:\/\/pacte-grand-sud.nc\/fondation-prony-resources\/presentation\/mieux-connaitre-la-fondation-xere-prony-resources\/","title":{"rendered":"Qui sommes-nous ?"},"content":{"rendered":"<div class=\"gb-container gb-container-9fabc5d5\"><div class=\"gb-inside-container\">\n<div class=\"gb-container gb-container-ef631ec3\"><div class=\"gb-inside-container\">\n<h1 class=\"gb-headline gb-headline-c1b11667 gb-headline-text\" data-sal=\"slide-down\" data-sal-easing=\"easeInOutSine\" data-sal-duration=\"700\">Qui sommes-nous ?<\/h1>\n<\/div><\/div>\n<\/div><\/div>\n\n<div class=\"gb-container gb-container-686afdd3\"><div class=\"gb-inside-container\">\n<div class=\"gb-grid-wrapper gb-grid-wrapper-d8315cfb\">\n<div class=\"gb-grid-column gb-grid-column-d0a4b3e5\"><div class=\"gb-container gb-container-d0a4b3e5\"><a class=\"gb-container-link\" href=\"\/fondation-prony-resources\/presentation\/mieux-connaitre-la-fondation-xere-prony-resources\/\"><\/a><div class=\"gb-inside-container\">\n\n<p class=\"gb-headline gb-headline-a822a0f4 gb-headline-text\">Qui<br> <strong>sommes-nous<\/strong> ? <\/p>\n\n\n\n<p><\/p>\n\n<\/div><\/div><\/div>\n\n<div class=\"gb-grid-column gb-grid-column-f3a1e8aa\"><div class=\"gb-container gb-container-f3a1e8aa\"><a class=\"gb-container-link\" href=\"\/fondation-prony-resources\/presentation\/nos-missions-dans-laire-drubea-kapume\/\"><\/a><div class=\"gb-inside-container\">\n\n<p class=\"gb-headline gb-headline-b5704be9 gb-headline-text\">Nos <strong>missions <\/strong><br>dans l&rsquo;aire Drub\u00e9a-Kapum\u00e9<\/p>\n\n<\/div><\/div><\/div>\n<\/div>\n<\/div><\/div>\n\n<div class=\"gb-container gb-container-9c99a6f4 white-bg\"><div class=\"gb-inside-container\">\n\n<h2 class=\"gb-headline gb-headline-6162227d gb-headline-text underlined_title\">La <strong>fondation X\u00e9r\u00e8 Prony Resources<\/strong><\/h2>\n\n\n\n<p>La Fondation d&rsquo;entreprise Vale Nouvelle-Cal\u00e9donie devenu Fondation X\u00e9r\u00e8 Prony Resources New Caledonia a \u00e9t\u00e9 cr\u00e9\u00e9e le 5 ao\u00fbt 2011.Elle est vou\u00e9e \u00e0 la protection de l\u2019environnement, l\u2019\u00e9ducation, les activit\u00e9s\u2002socioculturelles et \u00e9conomiques, afin de d\u00e9velopper une relation durable avec les communaut\u00e9s concern\u00e9es du d\u00e9but du projet jusqu\u2019\u00e0 la fermeture.<\/p>\n\n\n\n<p>Les projets doivent avoir un int\u00e9r\u00eat pour les tribus de l\u2019Aire Drub\u00e9a Kapum\u00eb et\/ou r\u00e9pondre un besoin \u00e9mis par les habitants des tribus de l\u2019Aire.Cet outil a \u00e9t\u00e9 con\u00e7u sp\u00e9cifiquement pour renforcer le r\u00f4le des populations locales et les accompagner dans le d\u00e9veloppement \u00e9conomique et durable de l\u2019aire Drub\u00e9a Kapum\u00eb.Elle est la premi\u00e8re fondation d\u2019entreprise \u00e0 avoir \u00e9t\u00e9 cr\u00e9\u00e9e en Nouvelle-Cal\u00e9donie, et a permis la publication d\u2019un texte r\u00e9glementaire le 1er septembre 2010.<\/p>\n\n\n\n<p>Les <strong>fondements juridiques du pacte reposent sur l\u2019existence du peuple autochtone kanak au travers des populations autochtones des chefferies du pays Drub\u00e9a et Kapum\u00eb. <\/strong>En effet, l\u2019installation du nouveau complexe minier et industriel pr\u00e9sente le risque d\u2019un changement fondamental de leur mode de vie et des conditions d\u2019une existence inscrite dans une biodiversit\u00e9 exceptionnelle h\u00e9rit\u00e9e de leurs anc\u00eatres.<\/p>\n\n\n\n<p><strong>Apr\u00e8s l\u2019accord politique du 04 mars 2021,<\/strong> qui a donn\u00e9 une majorit\u00e9 aux int\u00e9r\u00eats cal\u00e9doniens, <strong>il est apparu n\u00e9cessaire de reformuler les ambitions du Pacte de d\u00e9veloppement durable du Grand Sud.<\/strong>Pour cela, cette d\u00e9marche s\u2019est traduite en <strong>donnant aux structures du Pacte une autonomie de gouvernance.<\/strong>Il est primordial d\u2019honorer cette vision d\u2019un d\u00e9veloppement int\u00e9gr\u00e9 d\u2019un complexe minier et industriel respectueux de la biodiversit\u00e9 et du cadre de vie des populations.<\/p>\n\n\n\n<figure class=\"gb-block-image gb-block-image-7f8503ec\"><img loading=\"lazy\" decoding=\"async\" width=\"882\" height=\"323\" class=\"gb-image gb-image-7f8503ec\" src=\"https:\/\/pacte-grand-sud.nc\/fondation-prony-resources\/wp-content\/uploads\/2022\/12\/Organigramme.png\" alt=\"\" title=\"Organigramme\" data-sal=\"slide-left\" data-sal-easing=\"easeInOutSine\" srcset=\"https:\/\/pacte-grand-sud.nc\/fondation-prony-resources\/wp-content\/uploads\/2022\/12\/Organigramme.png 882w, https:\/\/pacte-grand-sud.nc\/fondation-prony-resources\/wp-content\/uploads\/2022\/12\/Organigramme-300x110.png 300w, https:\/\/pacte-grand-sud.nc\/fondation-prony-resources\/wp-content\/uploads\/2022\/12\/Organigramme-768x281.png 768w\" sizes=\"auto, (max-width: 882px) 100vw, 882px\" \/>\n<figcaption class=\"gb-headline gb-headline-b4ef27a8 gb-headline-text\"><\/figcaption>\n<\/figure>\n\n<\/div><\/div>\n\n<div class=\"gb-container gb-container-8554f735\"><div class=\"gb-inside-container\">\n<div class=\"gb-grid-wrapper gb-grid-wrapper-c13785d9\">\n<div class=\"gb-grid-column gb-grid-column-5acb0fed\"><div class=\"gb-container gb-container-5acb0fed\" data-sal=\"slide-up\" data-sal-easing=\"easeInOutSine\" data-sal-duration=\"600\"><div class=\"gb-inside-container\">\n\n<h2 class=\"gb-headline gb-headline-6497a9f9 gb-headline-text\"><strong>LA MISE EN \u0152UVRE D\u2019UNE D\u00c9MARCHE R\u00c9NOV\u00c9E<\/strong><\/h2>\n\n\n\n<p class=\"has-text-align-center has-base-3-color has-text-color\">L\u2019enjeu est de passer d\u2019une <strong>Fondation \u00ab<s> financeur<\/s> \u00bb <\/strong>\u00e0 une <strong>Fondation PROACTIVE ET FACILITATEUR<\/strong><em>, <\/em>moteur du d\u00e9veloppement \u00e9conomique de l\u2019aire Drub\u00e9a-Kapum\u00eb.<\/p>\n\n\n\n<p class=\"has-text-align-center has-base-3-color has-text-color\">Cette volont\u00e9 affich\u00e9e de moderniser l\u2019outil pour la rendre plus performante a n\u00e9cessit\u00e9 un travail de r\u00e9organisation au sein m\u00eame de son mode de fonctionnement \u00e0 savoir une refonte de l\u2019organigramme, des groupes de travail locaux mais \u00e9galement l\u2019application des statuts en ce qui concerne la mise en place d\u2019un comit\u00e9 technique.<\/p>\n\n<\/div><\/div><\/div>\n\n<div class=\"gb-grid-column gb-grid-column-66941db1\"><div class=\"gb-container gb-container-66941db1\" data-sal=\"slide-down\" data-sal-easing=\"easeInOutSine\" data-sal-duration=\"600\" data-sal-delay=\"100\"><div class=\"gb-inside-container\">\n\n<h2 class=\"gb-headline gb-headline-f648b44b gb-headline-text\"><strong>LE GROUPE DE TRAVAIL LOCAL<\/strong><\/h2>\n\n\n\n<p class=\"has-text-align-center has-base-3-color has-text-color\">Les GTL sont impliqu\u00e9s dans la premi\u00e8re phase de consultation sur les projets.<br>Dans le cadre de la restructuration, la composition des GTL a \u00e9t\u00e9 modifi\u00e9 pour permettre \u00e0 la jeunesse de Drub\u00e9a-Kapum\u00eb de s\u2019impliquer d\u2019avantage au d\u00e9veloppement durable du Grand Sud.<\/p>\n\n\n\n<p class=\"has-text-align-center has-base-3-color has-text-color\">Dans le cadre de leurs missions, les membres doivent&nbsp;:<\/p>\n\n\n\n<p class=\"has-base-3-color has-text-color\">Analyser la comptabilit\u00e9 des projets avec les besoins\/attentes des populations&nbsp;;<\/p>\n\n\n\n<p class=\"has-text-align-center has-base-3-color has-text-color\">Donner un avis favorable ou non et prioriser les projets pr\u00e9sent\u00e9s conform\u00e9ment au plan strat\u00e9gique d\u00e9velopp\u00e9 par le Conseil d\u2019administration en d\u00e9but d\u2019exercice&nbsp;;<\/p>\n\n\n\n<p class=\"has-text-align-center has-base-3-color has-text-color\">Et s\u2019assurer que les projets respectent les us et coutumes kanak et les proc\u00e9dures coutumi\u00e8res (acte coutumier sur terres coutumi\u00e8res)<\/p>\n\n<\/div><\/div><\/div>\n<\/div>\n<\/div><\/div>\n\n<div class=\"gb-container gb-container-57ffe518 white-bg\"><div class=\"gb-inside-container\">\n\n<h2 class=\"gb-headline gb-headline-3eb97535 gb-headline-text underlined_title\"><strong>Proc\u00e9dure <\/strong>d&rsquo;instruction d&rsquo;un dossier<\/h2>\n\n\n\n<figure class=\"gb-block-image gb-block-image-4408dbfe\"><img loading=\"lazy\" decoding=\"async\" width=\"1309\" height=\"592\" class=\"gb-image gb-image-4408dbfe\" src=\"https:\/\/pacte-grand-sud.nc\/fondation-prony-resources\/wp-content\/uploads\/2022\/12\/Procedure.png\" alt=\"\" title=\"Procedure\" data-sal=\"slide-right\" data-sal-easing=\"easeInOutSine\" data-sal-duration=\"600\" srcset=\"https:\/\/pacte-grand-sud.nc\/fondation-prony-resources\/wp-content\/uploads\/2022\/12\/Procedure.png 1309w, https:\/\/pacte-grand-sud.nc\/fondation-prony-resources\/wp-content\/uploads\/2022\/12\/Procedure-300x136.png 300w, https:\/\/pacte-grand-sud.nc\/fondation-prony-resources\/wp-content\/uploads\/2022\/12\/Procedure-1024x463.png 1024w, https:\/\/pacte-grand-sud.nc\/fondation-prony-resources\/wp-content\/uploads\/2022\/12\/Procedure-768x347.png 768w\" sizes=\"auto, (max-width: 1309px) 100vw, 1309px\" \/>\n<figcaption class=\"gb-headline gb-headline-e72a5d5f gb-headline-text\"><\/figcaption>\n<\/figure>\n\n\n\n<h2 class=\"gb-headline gb-headline-089d804d gb-headline-text underlined_title\">Le<strong> Groupe de Travail Local<\/strong><\/h2>\n\n<\/div><\/div>\n\n<div class=\"gb-container gb-container-9412032c\"><div class=\"gb-inside-container\">\n<div class=\"gb-grid-wrapper gb-grid-wrapper-17adabec\">\n<div class=\"gb-grid-column gb-grid-column-030e4292\"><div class=\"gb-container gb-container-030e4292\"><div class=\"gb-inside-container\">\n\n<p class=\"has-text-align-center bloc-chiffre has-base-3-color has-text-color\" style=\"font-size:80px\"><strong>1<\/strong><\/p>\n\n\n\n<p class=\"has-text-align-center has-base-3-color has-text-color\"><strong>R\u00e9f\u00e9rent<\/strong><\/p>\n\n<\/div><\/div><\/div>\n\n<div class=\"gb-grid-column gb-grid-column-14cb9979\"><div class=\"gb-container gb-container-14cb9979\"><div class=\"gb-inside-container\">\n\n<p class=\"has-text-align-center bloc-chiffre has-base-3-color has-text-color\" style=\"font-size:80px\"><strong>15<\/strong><\/p>\n\n\n\n<p class=\"has-text-align-center has-base-3-color has-text-color\"><strong>Membres titulaires <br>maximum<\/strong><\/p>\n\n<\/div><\/div><\/div>\n\n<div class=\"gb-grid-column gb-grid-column-06e7aa2e\"><div class=\"gb-container gb-container-06e7aa2e\"><div class=\"gb-inside-container\">\n\n<p class=\"has-text-align-center bloc-chiffre has-base-3-color has-text-color\" style=\"font-size:80px\"><strong>15<\/strong><\/p>\n\n\n\n<p class=\"has-text-align-center has-base-3-color has-text-color\"><strong>Membres suppl\u00e9ants<\/strong><\/p>\n\n<\/div><\/div><\/div>\n<\/div>\n<\/div><\/div>\n\n<div class=\"gb-container gb-container-71f36606\"><div class=\"gb-inside-container\">\n<div class=\"gb-container gb-container-0f7643d2\"><div class=\"gb-inside-container\">\n\n<h2 class=\"gb-headline gb-headline-d5175b0e gb-headline-text\">repr\u00e9sentativit\u00e9 des coll\u00e8ges<\/h2>\n\n\n\n<p class=\"text-transform-uppercase has-accent-color has-text-color\">Coll\u00e8ge coutumier dont la moiti\u00e9<br>doit \u00eatre ag\u00e9 de 25 \u00e0 40 ans<br>\u2022<br>Coll\u00e8ge associatif<br>\u2022<br>Coll\u00e8ge professionnel<\/p>\n\n\n\n<p class=\"has-base-3-color has-text-color\">Secteur socio-culturel<br>Secteur \u00e9conomique<br>\u00c9ducation \/ formation<\/p>\n\n\n\n<p class=\"has-base-3-color has-text-color\">Un coll\u00e8ge institutionnel est instaur\u00e9 en tant qu\u2019observateur sur demande du GTL concern\u00e9<\/p>\n\n<\/div><\/div>\n<\/div><\/div>\n\n<div class=\"gb-container gb-container-d63342a5\"><div class=\"gb-inside-container\">\n\n<h2 class=\"gb-headline gb-headline-10fc619e gb-headline-text underlined_title\">Appel \u00e0 <strong>projets<\/strong><\/h2>\n\n\n\n<p>Dans le cadre d\u2019une d\u00e9finition des besoins, la Fondation X\u00c9R\u00c8 PRNC envisage de lancer des appels \u00e0 projets sur des sujets ou fili\u00e8res d\u00e9finies. Ce dispositif permettra d\u2019att\u00e9nuer le caract\u00e8re discr\u00e9tionnaire de l\u2019octroi de subvention en assurant une plus grande transparence quant au choix du projet financ\u00e9.<\/p>\n\n\n\n<h2 class=\"gb-headline gb-headline-4d1e4e00 gb-headline-text underlined_title\">Formation: penser en terme de  <strong>parcours professionnel<\/strong><\/h2>\n\n\n\n<p>Concernant plus sp\u00e9cifiquement les formations, la Fondation dans le cadre de sa restructuration veillera \u00e0 l\u2019ad\u00e9quation entre les fili\u00e8res porteuses d\u2019emploi et les formations financ\u00e9es. Afin d\u2019attendre les objectifs, un \u00e9tat des lieux de l\u2019existant est n\u00e9cessaire avec une cartographie des m\u00e9tiers existants \/ manquants ainsi que des comp\u00e9tences existantes\/ manquantes. Une analyse des besoins en termes de d\u00e9veloppement \u00e9conomique afin de prioriser les formations y r\u00e9pondant sera faite<\/p>\n\n\n\n<p><\/p>\n\n\n\n<h2 class=\"gb-headline gb-headline-4128a805 gb-headline-text underlined_title\">La mise en \u0153uvre d&rsquo;une d\u00e9marche d&rsquo;\u00e9valuation  <strong>des projets<\/strong><\/h2>\n\n\n\n<p><strong>Cette d\u00e9marche d\u2019\u00e9valuation constructive permettra de suivre efficacement l\u2019impact des projets.<\/strong><\/p>\n\n\n\n<p>Meilleure gestion des fonds de dotation<br>\u2022<br>R\u00e9v\u00e9ler et rendre plus lisible le sens des projets et donc l\u2019action de la Fondation VALE Nouvelle-Cal\u00e9donie<br>\u2022<br>Renforcer les partenariats (gain de confiance, argument pour d\u00e9marcher de nouveaux partenaires, \u2026)<br>\u2022<br>Signature de convention de partenariat r\u00e9alis\u00e9 avec l\u2019ADIE et l\u2019Initiative NC<br>\u2022<br>Offrir un moyen de capitaliser un savoir-faire (le partager, le valoriser, \u2026)<\/p>\n\n\n\n<p class=\"has-accent-color has-text-color\"><strong>L\u2019\u00e9valuation r\u00e9pond \u00e0 un objectif g\u00e9n\u00e9ral : rep\u00e9rer les limites et les points \u00e0 am\u00e9liorer, valoriser les points positifs, et ainsi mettre en place l\u2019am\u00e9lioration continue de la structure et des activit\u00e9s qu\u2019elle porte.<\/strong><\/p>\n\n<\/div><\/div>\n\n<div class=\"gb-container gb-container-486ca023\"><div class=\"gb-inside-container\"><\/div><\/div>","protected":false},"excerpt":{"rendered":"<p>La fondation X\u00e9r\u00e8 Prony Resources La Fondation d&rsquo;entreprise Vale Nouvelle-Cal\u00e9donie devenu Fondation X\u00e9r\u00e8 Prony Resources New Caledonia a \u00e9t\u00e9 cr\u00e9\u00e9e le 5 ao\u00fbt 2011.Elle est vou\u00e9e \u00e0 la protection de l\u2019environnement, l\u2019\u00e9ducation, les activit\u00e9s\u2002socioculturelles et \u00e9conomiques, afin de d\u00e9velopper une relation durable avec les communaut\u00e9s concern\u00e9es du d\u00e9but du projet jusqu\u2019\u00e0 la fermeture. Les projets &#8230; <a title=\"Qui sommes-nous ?\" class=\"read-more\" href=\"https:\/\/pacte-grand-sud.nc\/fondation-prony-resources\/presentation\/mieux-connaitre-la-fondation-xere-prony-resources\/\" aria-label=\"En savoir plus sur Qui sommes-nous ?\">Lire plus<\/a><\/p>\n","protected":false},"author":1,"featured_media":245,"parent":240,"menu_order":1,"comment_status":"closed","ping_status":"closed","template":"","meta":{"_acf_changed":false,"om_disable_all_campaigns":false,"_monsterinsights_skip_tracking":false,"_monsterinsights_sitenote_active":false,"_monsterinsights_sitenote_note":"","_monsterinsights_sitenote_category":0,"footnotes":""},"categories":[],"class_list":["post-243","page","type-page","status-publish","has-post-thumbnail"],"acf":[],"aioseo_notices":[],"_links":{"self":[{"href":"https:\/\/pacte-grand-sud.nc\/fondation-prony-resources\/wp-json\/wp\/v2\/pages\/243","targetHints":{"allow":["GET"]}}],"collection":[{"href":"https:\/\/pacte-grand-sud.nc\/fondation-prony-resources\/wp-json\/wp\/v2\/pages"}],"about":[{"href":"https:\/\/pacte-grand-sud.nc\/fondation-prony-resources\/wp-json\/wp\/v2\/types\/page"}],"author":[{"embeddable":true,"href":"https:\/\/pacte-grand-sud.nc\/fondation-prony-resources\/wp-json\/wp\/v2\/users\/1"}],"replies":[{"embeddable":true,"href":"https:\/\/pacte-grand-sud.nc\/fondation-prony-resources\/wp-json\/wp\/v2\/comments?post=243"}],"version-history":[{"count":146,"href":"https:\/\/pacte-grand-sud.nc\/fondation-prony-resources\/wp-json\/wp\/v2\/pages\/243\/revisions"}],"predecessor-version":[{"id":3759,"href":"https:\/\/pacte-grand-sud.nc\/fondation-prony-resources\/wp-json\/wp\/v2\/pages\/243\/revisions\/3759"}],"up":[{"embeddable":true,"href":"https:\/\/pacte-grand-sud.nc\/fondation-prony-resources\/wp-json\/wp\/v2\/pages\/240"}],"wp:featuredmedia":[{"embeddable":true,"href":"https:\/\/pacte-grand-sud.nc\/fondation-prony-resources\/wp-json\/wp\/v2\/media\/245"}],"wp:attachment":[{"href":"https:\/\/pacte-grand-sud.nc\/fondation-prony-resources\/wp-json\/wp\/v2\/media?parent=243"}],"wp:term":[{"taxonomy":"category","embeddable":true,"href":"https:\/\/pacte-grand-sud.nc\/fondation-prony-resources\/wp-json\/wp\/v2\/categories?post=243"}],"curies":[{"name":"wp","href":"https:\/\/api.w.org\/{rel}","templated":true}]}}