{"id":46,"date":"2022-06-21T13:58:31","date_gmt":"2022-06-21T02:58:31","guid":{"rendered":"https:\/\/pacte-grand-sud.nc\/fondation-prony-resources\/?page_id=46"},"modified":"2025-04-09T09:33:54","modified_gmt":"2025-04-08T22:33:54","slug":"accueil","status":"publish","type":"page","link":"https:\/\/pacte-grand-sud.nc\/fondation-prony-resources\/","title":{"rendered":"Accueil"},"content":{"rendered":"<div class=\"gb-container gb-container-7433cd4f\">\n\n\t\t\t\t<p class=\"rs-p-wp-fix\"><\/p>\n\t\t\t\t<sr7-module data-alias=\"Acceuil\" data-id=\"2\" id=\"SR7_2_1\" class=\"rs-ov-hidden\" data-version=\"6.7.27\">\n\t\t\t\t\t<sr7-adjuster><\/sr7-adjuster>\n\t\t\t\t\t<sr7-content>\n\t\t\t\t\t\t<sr7-slide id=\"SR7_2_1-5\" data-key=\"5\">\n\t\t\t\t\t\t\t<sr7-bg id=\"SR7_2_1-5-25\" class=\"sr7-layer\"><noscript><img decoding=\"async\" src=\"https:\/\/pacte-grand-sud.nc\/fondation-prony-resources\/wp-content\/uploads\/2025\/01\/Seminaire-des-GTL-2024.jpg\" alt=\"\" title=\"S\u00e9minaire des GTL 2024\"><\/noscript><\/sr7-bg>\n\t\t\t\t\t\t\t<sr7-txt id=\"SR7_2_1-5-24\" class=\"sr7-layer\">Fondation X\u00e9r\u00e8\nProny Resources,\nnous agissons pour\nle d\u00e9veloppement\ndes communaut\u00e9s\ndu grand sud<\/sr7-txt>\n\t\t\t\t\t\t<\/sr7-slide>\n\t\t\t\t\t\t<sr7-slide id=\"SR7_2_1-9\" data-key=\"9\">\n\t\t\t\t\t\t<\/sr7-slide>\n\t\t\t\t\t<\/sr7-content>\n\t\t\t\t\t<image_lists style=\"display:none\">\n\t\t\t\t\t\t<img data-src=\"\/\/pacte-grand-sud.nc\/fondation-prony-resources\/wp-content\/uploads\/2025\/01\/Seminaire-des-GTL-2024.jpg\" data-libid=\"3696\" data-lib=\"medialibrary\" title=\"S\u00e9minaire des GTL 2024\" width=\"0\" height=\"0\" data-dbsrc=\"Ly9wYWN0ZS1ncmFuZC1zdWQubmMvZm9uZGF0aW9uLXByb255LXJlc291cmNlcy93cC1jb250ZW50L3VwbG9hZHMvMjAyNS8wMS9TZW1pbmFpcmUtZGVzLUdUTC0yMDI0LmpwZw==\"\/>\n\t\t\t\t\t<\/image_lists>\n\t\t\t\t<\/sr7-module>\n\t\t\t\t<script>\n\t\t\t\t\tSR7.PMH ??={}; SR7.PMH[\"SR7_2_1\"] = {cn:100,state:false,fn: function() { if (_tpt!==undefined && _tpt.prepareModuleHeight !== undefined) {  _tpt.prepareModuleHeight({id:\"SR7_2_1\",el:[550,550,450,450,460],type:'standard',shdw:'0',gh:[550,550,450,450,460],gw:[1240,1240,1024,778,480],vpt:['-100px&#039;,&#039;-100px&#039;,&#039;-100px&#039;,&#039;-100px&#039;,&#039;-100px'],size:{fullWidth:true, fullHeight:false},mh:'0',onh:0,onw:0,bg:{color:'{\"orig\":\"transparent\",\"type\":\"solid\",\"string\":\"transparent\"}'},plType:'-1',plColor:'#FFFFFF'});   SR7.PMH[\"SR7_2_1\"].state=true;} else if(SR7.PMH[\"SR7_2_1\"].cn-->0)\tsetTimeout( SR7.PMH[\"SR7_2_1\"].fn,19);}};SR7.PMH[\"SR7_2_1\" ].fn();\n\t\t\t\t<\/script>\n\n\n<\/div>\n\n<div class=\"gb-container gb-container-804cc14c\"><div class=\"gb-inside-container\">\n<div class=\"gb-grid-wrapper gb-grid-wrapper-caf27754\">\n<div class=\"gb-grid-column gb-grid-column-6e86a6d9\"><div class=\"gb-container gb-container-6e86a6d9\"><div class=\"gb-inside-container\">\n<div class=\"gb-container gb-container-a326747a\"><div class=\"gb-inside-container\">\n<div class=\"gb-container gb-container-4733c183 alignwide\"><div class=\"gb-inside-container\">\n\n<figure class=\"gb-block-image gb-block-image-26fa5994\"><img loading=\"lazy\" decoding=\"async\" width=\"185\" height=\"135\" class=\"gb-image gb-image-26fa5994\" src=\"https:\/\/pacte-grand-sud.nc\/fondation-prony-resources\/wp-content\/uploads\/2022\/11\/logo_transparent.png\" alt=\"\" title=\"logo_transparent\"\/><\/figure>\n\n\n\n<p style=\"text-align: justify; width: 60%\">CONTRIBUER AU DEVELOPPEMENT DES COMMUNAUTES DE L\u2019AIRE DRUBEA-KAPUM\u00cb EN FAVORISANT LA COHESION SOCIALE.<br><br><strong>Pacte pour un d\u00e9veloppement durable du Grand Sud<\/strong><br><em>D\u00e8s sa signature en 2008, le Pacte a \u00e9t\u00e9 consid\u00e9r\u00e9 sur la sc\u00e8ne internationale comme un mod\u00e8le d\u2019accord constructif liant une soci\u00e9t\u00e9 \u00e0 des populations autochtones et a \u00e9t\u00e9 pr\u00e9sent\u00e9 comme tel \u00e0 Moscou en d\u00e9cembre 2008 lors d\u2019un atelier d\u2019experts des Nations-Unies sur \u00ab&nbsp;les soci\u00e9t\u00e9s exploitant des ressources naturelles, les peuples autochtones et les droits de l\u2019homme&nbsp;\u00bb.<\/em><\/p>\n\n\n\n<p style=\"text-align: justify; width: 60%\"><em>Particuliers, entreprises, porteurs de projet\u2026 Chacun a le pouvoir d\u2019agir pour l\u2019int\u00e9r\u00eat g\u00e9n\u00e9ral du Grand Sud. A la Fondation d\u2019entreprise X\u00e9r\u00e8 Prony Resources New Caledonia, nous vous accompagnons pour transformer votre engagement en actions concr\u00e8tes, utiles et durables pour les populations du Grand Sud.<\/em><\/p>\n\n<\/div><\/div>\n<\/div><\/div>\n<\/div><\/div><\/div>\n\n<div class=\"gb-grid-column gb-grid-column-0f6fc46d\"><div class=\"gb-container gb-container-0f6fc46d\"><div class=\"gb-inside-container\">\n<div class=\"gb-grid-wrapper gb-grid-wrapper-2726fd0a\">\n<div class=\"gb-grid-column gb-grid-column-8e5734fb\"><div class=\"gb-container gb-container-8e5734fb plus\"><a class=\"gb-container-link\" href=\"\/fondation-prony-resources\/presentation\/mieux-connaitre-la-fondation-xere-prony-resources\/\"><\/a><div class=\"gb-inside-container\">\n\n<h2 class=\"gb-headline gb-headline-379f5632 gb-headline-text\" data-sal=\"slide-up\" data-sal-easing=\"easeInOutSine\" data-sal-duration=\"600\">A propos<\/h2>\n\n<\/div><\/div><\/div>\n\n<div class=\"gb-grid-column gb-grid-column-fff22337\"><div class=\"gb-container gb-container-fff22337 plus\"><a class=\"gb-container-link\" href=\"https:\/\/pacte-grand-sud.nc\/fondation-prony-resources\/presentation\/nos-missions-dans-laire-drubea-kapume\/\"><\/a><div class=\"gb-inside-container\">\n\n<h2 class=\"gb-headline gb-headline-6e666f92 gb-headline-text\" data-sal=\"slide-up\" data-sal-easing=\"easeInOutSine\" data-sal-duration=\"600\">Missions<\/h2>\n\n<\/div><\/div><\/div>\n\n<div class=\"gb-grid-column gb-grid-column-b992809c\"><div class=\"gb-container gb-container-b992809c plus\"><a class=\"gb-container-link\" href=\"https:\/\/pacte-grand-sud.nc\/fondation-prony-resources\/contact\/\"><\/a><div class=\"gb-inside-container\">\n\n<h2 class=\"gb-headline gb-headline-69792954 gb-headline-text\" data-sal=\"slide-up\" data-sal-easing=\"easeInOutSine\" data-sal-duration=\"600\">Nous contacter<\/h2>\n\n<\/div><\/div><\/div>\n\n<div class=\"gb-grid-column gb-grid-column-e83c4b92\"><div class=\"gb-container gb-container-e83c4b92\"><\/div><\/div>\n<\/div>\n\n<div class=\"gb-container gb-container-c3284a21\"><\/div>\n<\/div><\/div><\/div>\n<\/div>\n<\/div><\/div>\n\n<div class=\"gb-container gb-container-8f27905b\"><\/div>\n\n\n<p><\/p>\n","protected":false},"excerpt":{"rendered":"","protected":false},"author":1,"featured_media":0,"parent":0,"menu_order":0,"comment_status":"closed","ping_status":"closed","template":"","meta":{"_acf_changed":false,"om_disable_all_campaigns":false,"_monsterinsights_skip_tracking":false,"_monsterinsights_sitenote_active":false,"_monsterinsights_sitenote_note":"","_monsterinsights_sitenote_category":0,"footnotes":""},"categories":[],"class_list":["post-46","page","type-page","status-publish"],"acf":[],"aioseo_notices":[],"_links":{"self":[{"href":"https:\/\/pacte-grand-sud.nc\/fondation-prony-resources\/wp-json\/wp\/v2\/pages\/46","targetHints":{"allow":["GET"]}}],"collection":[{"href":"https:\/\/pacte-grand-sud.nc\/fondation-prony-resources\/wp-json\/wp\/v2\/pages"}],"about":[{"href":"https:\/\/pacte-grand-sud.nc\/fondation-prony-resources\/wp-json\/wp\/v2\/types\/page"}],"author":[{"embeddable":true,"href":"https:\/\/pacte-grand-sud.nc\/fondation-prony-resources\/wp-json\/wp\/v2\/users\/1"}],"replies":[{"embeddable":true,"href":"https:\/\/pacte-grand-sud.nc\/fondation-prony-resources\/wp-json\/wp\/v2\/comments?post=46"}],"version-history":[{"count":162,"href":"https:\/\/pacte-grand-sud.nc\/fondation-prony-resources\/wp-json\/wp\/v2\/pages\/46\/revisions"}],"predecessor-version":[{"id":3927,"href":"https:\/\/pacte-grand-sud.nc\/fondation-prony-resources\/wp-json\/wp\/v2\/pages\/46\/revisions\/3927"}],"wp:attachment":[{"href":"https:\/\/pacte-grand-sud.nc\/fondation-prony-resources\/wp-json\/wp\/v2\/media?parent=46"}],"wp:term":[{"taxonomy":"category","embeddable":true,"href":"https:\/\/pacte-grand-sud.nc\/fondation-prony-resources\/wp-json\/wp\/v2\/categories?post=46"}],"curies":[{"name":"wp","href":"https:\/\/api.w.org\/{rel}","templated":true}]}}